{"id":2352,"date":"2020-11-08T16:49:03","date_gmt":"2020-11-08T13:49:03","guid":{"rendered":"https:\/\/aydinaydin.net\/?page_id=2352"},"modified":"2020-11-14T22:26:04","modified_gmt":"2020-11-14T19:26:04","slug":"yabancilar-ve-vatandaslik-hukuku","status":"publish","type":"page","link":"https:\/\/aydinaydin.net\/services\/yabancilar-ve-vatandaslik-hukuku\/","title":{"rendered":"Yabanc\u0131lar ve Vatanda\u015fl\u0131k Hukuku"},"content":{"rendered":"<p>[vc_row el_class=&#8221;sdlists&#8221;][vc_column][vc_column_text]Uluslararas\u0131 ekonomik g\u00f6\u00e7\u00fcn makro dinamiklerinin belirlendi\u011fi son \u00e7eyrek as\u0131lda g\u00f6\u00e7 veren \u00fclke konumundan g\u00f6\u00e7 alan \u00fclke konumuna ge\u00e7mekte olan T\u00fcrkiye gibi bir \u00fclkede faaliyet g\u00f6stermekte olan Hukuk B\u00fcromuz, donan\u0131ml\u0131 Avukat ve Yabanc\u0131 Dan\u0131\u015fmalar\u0131m\u0131z arac\u0131l\u0131\u011f\u0131yla Yabanc\u0131lar Hukuku alan\u0131nda bilfiil hukuki dan\u0131\u015fmanl\u0131k hizmeti vermektedir.<\/p>\n<p>Amac\u0131m\u0131z ve hukuki misyonumuz \u0131\u015f\u0131\u011f\u0131nda, yerli ve yabanc\u0131 ger\u00e7ek ve t\u00fczel ki\u015fi m\u00fcvekkillerimize sa\u011flad\u0131\u011f\u0131m\u0131z hukuki dan\u0131\u015fmanl\u0131k hizmetlerini a\u015fa\u011f\u0131da bilginize sunar\u0131z:[\/vc_column_text][vc_column_text]<\/p>\n<ul>\n<li>T\u00fcrkiye\u2019de ya\u015famak isteyen yabanc\u0131lar\u0131n oturma izni, oturma izni uzatma ba\u015fvurular\u0131n\u0131n yap\u0131lmas\u0131, takibi ve sonu\u00e7land\u0131r\u0131lmas\u0131,<\/li>\n<li>Do\u011frudan Yabanc\u0131 Yat\u0131r\u0131mlar Kanununa tabii t\u00fczel ki\u015filer nezdinde istihdam edilecek yabanc\u0131lar da dahil olmak \u00fczere, T\u00fcrkiye\u2019de istihdam edilmesi planlanan yabanc\u0131lar\u0131n \u00e7al\u0131\u015fma izni, \u00e7al\u0131\u015fma izin uzat\u0131m ba\u015fvurusunun yap\u0131lmas\u0131, takibi ve sonu\u00e7land\u0131r\u0131lmas\u0131, T\u00fcrkiye\u2019de \u00e7al\u0131\u015fma izni edinecek ki\u015filerin de e\u015fi ve \u00e7ocuklar\u0131na da destekleyici yoluyla aile ikamet izni ba\u015fvurusunun yap\u0131lmas\u0131, takibi ve sonu\u00e7land\u0131r\u0131lmas\u0131,<\/li>\n<li>5901 Say\u0131l\u0131 T\u00fcrk Vatanda\u015fl\u0131\u011f\u0131 Kanunu kapsam\u0131nda, T\u00fcrk Vatanda\u015fl\u0131\u011f\u0131n\u0131 kazanmak etmek isteyen yabanc\u0131lar\u0131n vatanda\u015fl\u0131k ba\u015fvuru i\u015flemlerinin yap\u0131lmas\u0131, takibi ve sonu\u00e7land\u0131r\u0131lmas\u0131,<\/li>\n<li>3065 Say\u0131l\u0131 Katma De\u011fer Vergisi Kanunu 13\/i bendi kapsam\u0131nda, T\u00fcrkiye\u2019de yerle\u015fik olmayan yabanc\u0131lar\u0131n T\u00fcrkiye\u2019de ta\u015f\u0131nmaz sat\u0131n al\u0131mlar\u0131nda \u00f6demekle y\u00fck\u00fcml\u00fc olan katma de\u011fer vergisinden muafiyet ba\u015fvuru i\u015flemlerinin yap\u0131lmas\u0131, takibi ve sonu\u00e7land\u0131r\u0131lmas\u0131.<\/li>\n<\/ul>\n<p>[\/vc_column_text][\/vc_column][\/vc_row]<\/p>\n","protected":false},"excerpt":{"rendered":"<p>[vc_row el_class=&#8221;sdlists&#8221;][vc_column][vc_column_text]Uluslararas\u0131 ekonomik g\u00f6\u00e7\u00fcn makro dinamiklerinin belirlendi\u011fi son \u00e7eyrek as\u0131lda g\u00f6\u00e7 veren \u00fclke konumundan g\u00f6\u00e7 alan \u00fclke konumuna ge\u00e7mekte olan T\u00fcrkiye gibi bir \u00fclkede faaliyet g\u00f6stermekte olan Hukuk B\u00fcromuz, donan\u0131ml\u0131 Avukat ve Yabanc\u0131 Dan\u0131\u015fmalar\u0131m\u0131z arac\u0131l\u0131\u011f\u0131yla Yabanc\u0131lar Hukuku alan\u0131nda&#8230;<\/p>\n","protected":false},"author":3,"featured_media":0,"parent":1817,"menu_order":0,"comment_status":"closed","ping_status":"closed","template":"template-parts\/tmp-page-leftsidebar.php","meta":[],"_links":{"self":[{"href":"https:\/\/aydinaydin.net\/api\/wp\/v2\/pages\/2352"}],"collection":[{"href":"https:\/\/aydinaydin.net\/api\/wp\/v2\/pages"}],"about":[{"href":"https:\/\/aydinaydin.net\/api\/wp\/v2\/types\/page"}],"author":[{"embeddable":true,"href":"https:\/\/aydinaydin.net\/api\/wp\/v2\/users\/3"}],"replies":[{"embeddable":true,"href":"https:\/\/aydinaydin.net\/api\/wp\/v2\/comments?post=2352"}],"version-history":[{"count":0,"href":"https:\/\/aydinaydin.net\/api\/wp\/v2\/pages\/2352\/revisions"}],"up":[{"embeddable":true,"href":"https:\/\/aydinaydin.net\/api\/wp\/v2\/pages\/1817"}],"wp:attachment":[{"href":"https:\/\/aydinaydin.net\/api\/wp\/v2\/media?parent=2352"}],"curies":[{"name":"wp","href":"https:\/\/api.w.org\/{rel}","templated":true}]}}